{"id":2,"date":"2024-11-11T22:37:47","date_gmt":"2024-11-11T21:37:47","guid":{"rendered":"http:\/\/orthodoxebrest.fr\/?page_id=2"},"modified":"2026-04-24T16:01:02","modified_gmt":"2026-04-24T14:01:02","slug":"accueil","status":"publish","type":"page","link":"http:\/\/orthodoxebrest.fr\/","title":{"rendered":"Accueil"},"content":{"rendered":"\n<div style=\"height:30px\" aria-hidden=\"true\" class=\"wp-block-spacer\"><\/div>\n\n\n\n<div class=\"wp-block-columns alignwide is-layout-flex wp-container-core-columns-is-layout-9d6595d7 wp-block-columns-is-layout-flex\">\n<div class=\"wp-block-column is-layout-flow wp-block-column-is-layout-flow\">\n<figure class=\"wp-block-image size-large wp-duotone-unset-1\"><img loading=\"lazy\" decoding=\"async\" width=\"767\" height=\"1024\" src=\"http:\/\/orthodoxebrest.fr\/wp-content\/uploads\/2024\/11\/TH-01-SGM-Theotokos-fresco-767x1024.jpg\" alt=\"\" class=\"wp-image-59\" srcset=\"http:\/\/orthodoxebrest.fr\/wp-content\/uploads\/2024\/11\/TH-01-SGM-Theotokos-fresco-767x1024.jpg 767w, http:\/\/orthodoxebrest.fr\/wp-content\/uploads\/2024\/11\/TH-01-SGM-Theotokos-fresco-225x300.jpg 225w, http:\/\/orthodoxebrest.fr\/wp-content\/uploads\/2024\/11\/TH-01-SGM-Theotokos-fresco-768x1025.jpg 768w, http:\/\/orthodoxebrest.fr\/wp-content\/uploads\/2024\/11\/TH-01-SGM-Theotokos-fresco-1151x1536.jpg 1151w, http:\/\/orthodoxebrest.fr\/wp-content\/uploads\/2024\/11\/TH-01-SGM-Theotokos-fresco-1535x2048.jpg 1535w, http:\/\/orthodoxebrest.fr\/wp-content\/uploads\/2024\/11\/TH-01-SGM-Theotokos-fresco-scaled.jpg 1919w\" sizes=\"auto, (max-width: 767px) 100vw, 767px\" \/><\/figure>\n<\/div>\n\n\n\n<div class=\"wp-block-column is-vertically-aligned-center is-layout-flow wp-block-column-is-layout-flow\">\n<h2 class=\"wp-block-heading has-text-align-center has-text-color has-link-color has-large-font-size wp-elements-151de663ce0d2beda189e5e0a662e112\" style=\"color:#8e0000\"><strong>Paroisse de la Transfiguration du Seigneur<\/strong><\/h2>\n\n\n\n<p class=\"has-text-align-center has-medium-font-size\"><strong>Communaut\u00e9 orthodoxe \u00e0 Brest<\/strong><\/p>\n<\/div>\n\n\n\n<div class=\"wp-block-column is-layout-flow wp-block-column-is-layout-flow\">\n<figure class=\"wp-block-image size-large\"><img loading=\"lazy\" decoding=\"async\" width=\"768\" height=\"1024\" src=\"http:\/\/orthodoxebrest.fr\/wp-content\/uploads\/2024\/11\/tempImageeDKN3B-768x1024.jpg\" alt=\"\" class=\"wp-image-56\" srcset=\"http:\/\/orthodoxebrest.fr\/wp-content\/uploads\/2024\/11\/tempImageeDKN3B-768x1025.jpg 768w, http:\/\/orthodoxebrest.fr\/wp-content\/uploads\/2024\/11\/tempImageeDKN3B-225x300.jpg 225w, http:\/\/orthodoxebrest.fr\/wp-content\/uploads\/2024\/11\/tempImageeDKN3B-1151x1536.jpg 1151w, http:\/\/orthodoxebrest.fr\/wp-content\/uploads\/2024\/11\/tempImageeDKN3B-1535x2048.jpg 1535w, http:\/\/orthodoxebrest.fr\/wp-content\/uploads\/2024\/11\/tempImageeDKN3B-scaled.jpg 1919w\" sizes=\"auto, (max-width: 768px) 100vw, 768px\" \/><\/figure>\n<\/div>\n<\/div>\n\n\n\n<figure class=\"wp-block-image alignwide size-large\"><img loading=\"lazy\" decoding=\"async\" width=\"1024\" height=\"477\" src=\"http:\/\/orthodoxebrest.fr\/wp-content\/uploads\/2024\/11\/Transfiguration03-1024x477.jpg\" alt=\"\" class=\"wp-image-6\" srcset=\"http:\/\/orthodoxebrest.fr\/wp-content\/uploads\/2024\/11\/Transfiguration03-1024x477.jpg 1024w, http:\/\/orthodoxebrest.fr\/wp-content\/uploads\/2024\/11\/Transfiguration03-300x140.jpg 300w, http:\/\/orthodoxebrest.fr\/wp-content\/uploads\/2024\/11\/Transfiguration03-768x358.jpg 768w, http:\/\/orthodoxebrest.fr\/wp-content\/uploads\/2024\/11\/Transfiguration03.jpg 1417w\" sizes=\"auto, (max-width: 1024px) 100vw, 1024px\" \/><\/figure>\n\n\n\n<hr class=\"wp-block-separator has-alpha-channel-opacity\"\/>\n\n\n\n<p class=\"has-text-color has-link-color has-medium-font-size wp-elements-5341c5b9e1d1575856dac3d0d8f680ca\" style=\"color:#8e0000\"><strong>Prochains offices<\/strong><\/p>\n\n\n\n<h3 class=\"wp-block-heading has-black-color has-text-color has-link-color wp-elements-03a2b59ff85312322df1251d431cb395\" style=\"text-decoration:underline\">Mois de mars<\/h3>\n\n\n\n<ul class=\"wp-block-list\">\n<li class=\"has-medium-font-size\"><strong>Lundi 2 mars,<\/strong> V\u00eapres \u00e0 17h30<\/li>\n\n\n\n<li class=\"has-medium-font-size\"><strong>Jeudi 5 <strong>mars<\/strong>,<\/strong> Grandes complies \u00e0 17h30<\/li>\n\n\n\n<li class=\"has-medium-font-size\"><strong>Vendredi 6 <strong>mars<\/strong><\/strong>, Deuxi\u00e8me Acathiste \u00e0 la M\u00e8re de Dieu \u00e0 17h30<\/li>\n\n\n\n<li class=\"has-medium-font-size\"><strong>Dimanche 8 <strong>mars<\/strong><\/strong>, Divine Liturgie \u00e0 10h30<\/li>\n\n\n\n<li class=\"has-medium-font-size\"><strong>Lundi 9 <strong>mars<\/strong><\/strong>, Matines \u00e0 9h00<\/li>\n\n\n\n<li class=\"has-medium-font-size\"><strong>Mercredi 11 <strong>mars<\/strong>, <\/strong>Liturgie des dons pr\u00e9sanctifi\u00e9s \u00e0 12h30<\/li>\n\n\n\n<li class=\"has-medium-font-size\"><strong>Jeudi 12 <strong>mars<\/strong>,<\/strong> Grandes complies \u00e0 17h00<\/li>\n\n\n\n<li class=\"has-medium-font-size\"><strong>Vendredi 13 <strong>mars<\/strong><\/strong>, Troisi\u00e8me Acathiste \u00e0 la M\u00e8re de Dieu \u00e0 17h30<\/li>\n\n\n\n<li class=\"has-medium-font-size\"><strong>dimanche 15 mars<\/strong>, divine liturgie \u00e0 10h30<\/li>\n\n\n\n<li class=\"has-medium-font-size\"><strong>Lundi 16 <strong>mars<\/strong><\/strong>, V\u00eapres \u00e0 17h30<\/li>\n\n\n\n<li class=\"has-medium-font-size\"><strong>Mercredi 18 <strong>mars<\/strong>, <\/strong>Liturgie des dons pr\u00e9sanctifi\u00e9s \u00e0 12h30<\/li>\n\n\n\n<li class=\"has-medium-font-size\"><strong>Jeudi 19 <strong>mars<\/strong>,<\/strong> Grandes complies \u00e0 17h30<\/li>\n\n\n\n<li class=\"has-medium-font-size\"><strong>Vendredi 20 <strong>mars<\/strong><\/strong>, Quatri\u00e8me Acathiste \u00e0 la M\u00e8re de Dieu \u00e0 17h30<\/li>\n\n\n\n<li class=\"has-medium-font-size\"><strong>Lundi 23 <strong>mars<\/strong><\/strong>, Matines \u00e0 9h00<\/li>\n\n\n\n<li class=\"has-medium-font-size\"><strong>Jeudi 26 <strong>mars<\/strong>,<\/strong> Grandes complies \u00e0 17h30<\/li>\n\n\n\n<li class=\"has-medium-font-size\"><strong>Lundi 30 mars,<\/strong> Matines \u00e0 9h00<\/li>\n<\/ul>\n\n\n\n<h3 class=\"wp-block-heading has-black-color has-text-color has-link-color wp-elements-4685ab82e9562c06119297cc2a304dc0\" style=\"text-decoration:underline\">Mois de avril:<\/h3>\n\n\n\n<ul class=\"wp-block-list\">\n<li class=\"has-medium-font-size\"><strong>Jeudi 2 avril,<\/strong> Grande Complies 17h30.<\/li>\n\n\n\n<li class=\"has-medium-font-size\"><strong>Dimanche 5 avril,<\/strong> Matines + Divine Liturgie (Rameaux) 10h00.<\/li>\n\n\n\n<li class=\"has-medium-font-size\"><strong>Grand Mercredi 8 avril,<\/strong> Onction de l&rsquo;huile sainte 17h30.<\/li>\n\n\n\n<li class=\"has-medium-font-size\"><strong>Grand Jeudi 9 avril,<\/strong> Matines du vendredi, office des 12 Evangiles 18h00.<\/li>\n\n\n\n<li class=\"has-medium-font-size\"><strong>Grand Vendredi 10 avril,<\/strong> V\u00eapres Mise au Tombeau 9h00.<\/li>\n\n\n\n<li class=\"has-medium-font-size\"><strong>Grand Vendredi 10 avril,<\/strong> Matines du samedi, Office des Myrophores (requiem) 18h30.<\/li>\n\n\n\n<li class=\"has-medium-font-size\"><strong>Grand Samedi 11 avril,<\/strong> Vigile de la R\u00e9surrection + Agapes 19h00.<\/li>\n\n\n\n<li class=\"has-medium-font-size\"><strong>Jeudi 16 avril ,<\/strong> V\u00eapres 17h00.<\/li>\n\n\n\n<li class=\"has-medium-font-size\"><strong>Dimanche 19 avril,<\/strong> Divine liturgie 10h30.<\/li>\n\n\n\n<li class=\"has-medium-font-size\"><strong>Mercredi 22 avril,<\/strong> V\u00eapres 17h00.<\/li>\n\n\n\n<li class=\"has-medium-font-size\"><strong>Mercredi 29 avril,<\/strong> V\u00eapres 17h00.<\/li>\n<\/ul>\n\n\n\n<h3 class=\"wp-block-heading has-black-color has-text-color has-link-color wp-elements-3074929fc98e7f760ec29bde578e351c\" style=\"text-decoration:underline\">Mois de mai:<\/h3>\n\n\n\n<ul class=\"wp-block-list\">\n<li class=\"has-medium-font-size\"><strong>Dimanche 3 mai,<\/strong> Divine liturgie 10h30<\/li>\n\n\n\n<li class=\"has-medium-font-size\"><strong>Mercredi 6 mai,<\/strong> V\u00eapres 17h00<\/li>\n\n\n\n<li class=\"has-medium-font-size\"><strong>Dimanche 10 mai,<\/strong> Divine liturgie 10h30<\/li>\n\n\n\n<li class=\"has-medium-font-size\"><strong>Mercredi 13 mai,<\/strong> V\u00eapres 17h00<\/li>\n\n\n\n<li class=\"has-medium-font-size\"><strong>Dimanche 24 mai,<\/strong> Divine liturgie 10h30<\/li>\n\n\n\n<li class=\"has-medium-font-size\"><strong>Dimanche 31 mai,<\/strong> Divine liturgie 10h30 puis V\u00eapres de la g\u00e9nuflexion.<\/li>\n<\/ul>\n\n\n\n<figure class=\"wp-block-pullquote has-text-color has-link-color has-medium-font-size wp-elements-fbf71986f41c25b87104c11982d5567e\" style=\"color:#8e0000\"><blockquote><p><em><strong>Notre communaut\u00e9 est rattach\u00e9e canoniquement \u00e0 la M\u00e9tropole de France du <\/strong><\/em><br><em><strong>Patriarcat \u0153cum\u00e9nique de Constantinople<\/strong><\/em><\/p><\/blockquote><\/figure>\n\n\n\n<blockquote class=\"wp-block-quote is-style-default is-layout-flow wp-block-quote-is-layout-flow\">\n<p style=\"text-transform:uppercase\"><strong>Autres paroisses orthodoxes en Bretagne :<\/strong><\/p>\n\n\n\n<p style=\"text-transform:uppercase\"><a href=\"http:\/\/orthodoxequimper.fr\/\" target=\"_blank\" rel=\"noreferrer noopener\"><strong>Quimper<\/strong><\/a><em><strong>,&nbsp;<\/strong><\/em><a href=\"http:\/\/orthodoxestbrieuc.blogspot.com\/\" target=\"_blank\" rel=\"noreferrer noopener\"><strong><em>Dinan<\/em><\/strong><\/a><em><strong>,&nbsp;<\/strong><\/em><a href=\"http:\/\/bretagneorthodoxe.unblog.fr\/\" target=\"_blank\" rel=\"noreferrer noopener\"><strong><em>Lannion<\/em><\/strong><\/a><em><strong>,&nbsp;<\/strong><\/em><a href=\"http:\/\/orthodoxesabrest.blog.free.fr\/\" target=\"_blank\" rel=\"noreferrer noopener\"><strong><em>Morlaix<\/em><\/strong><\/a><em><strong>,&nbsp;<\/strong><\/em><a href=\"http:\/\/orthodoxedenantes.free.fr\/\" target=\"_blank\" rel=\"noreferrer noopener\"><strong><em>Nantes<\/em><\/strong><\/a><em><strong>,&nbsp;<\/strong><\/em><a href=\"http:\/\/orthodoxesabrest.blog.free.fr\/\" target=\"_blank\" rel=\"noreferrer noopener\"><strong><em>Plouzan\u00e9<\/em><\/strong><\/a><em><strong>,&nbsp;<\/strong><\/em><a href=\"https:\/\/renortho.wordpress.com\/\" target=\"_blank\" rel=\"noreferrer noopener\"><strong><em>Rennes<\/em><\/strong><\/a><em><strong>,&nbsp;<\/strong><\/em><a href=\"http:\/\/orthodoxestbrieuc.blogspot.com\/\" target=\"_blank\" rel=\"noreferrer noopener\"><strong><em>Saint-Brieuc<\/em><\/strong><\/a><em><strong>,&nbsp;<\/strong><\/em><a href=\"https:\/\/orthodoxevannes.fr\/\" target=\"_blank\" rel=\"noreferrer noopener\"><strong><em>Vannes<\/em><\/strong><\/a><\/p>\n\n\n\n<p><\/p>\n\n\n\n<p><\/p>\n<\/blockquote>\n\n\n\n<p><\/p>\n","protected":false},"excerpt":{"rendered":"<p>Paroisse de la Transfiguration du Seigneur Communaut\u00e9 orthodoxe \u00e0 Brest Prochains offices Mois de mars Mois de avril: Mois de mai: Notre communaut\u00e9 est rattach\u00e9e canoniquement \u00e0 la M\u00e9tropole de France du Patriarcat \u0153cum\u00e9nique de Constantinople Autres paroisses orthodoxes en Bretagne : Quimper,&nbsp;Dinan,&nbsp;Lannion,&nbsp;Morlaix,&nbsp;Nantes,&nbsp;Plouzan\u00e9,&nbsp;Rennes,&nbsp;Saint-Brieuc,&nbsp;Vannes<\/p>\n","protected":false},"author":1,"featured_media":0,"parent":0,"menu_order":0,"comment_status":"closed","ping_status":"closed","template":"","meta":{"_uag_custom_page_level_css":"","ocean_post_layout":"full-width","ocean_both_sidebars_style":"","ocean_both_sidebars_content_width":0,"ocean_both_sidebars_sidebars_width":0,"ocean_sidebar":"","ocean_second_sidebar":"","ocean_disable_margins":"on","ocean_add_body_class":"","ocean_shortcode_before_top_bar":"","ocean_shortcode_after_top_bar":"","ocean_shortcode_before_header":"","ocean_shortcode_after_header":"","ocean_has_shortcode":"","ocean_shortcode_after_title":"","ocean_shortcode_before_footer_widgets":"","ocean_shortcode_after_footer_widgets":"","ocean_shortcode_before_footer_bottom":"","ocean_shortcode_after_footer_bottom":"","ocean_display_top_bar":"default","ocean_display_header":"default","ocean_header_style":"","ocean_center_header_left_menu":"","ocean_custom_header_template":"","ocean_custom_logo":0,"ocean_custom_retina_logo":0,"ocean_custom_logo_max_width":0,"ocean_custom_logo_tablet_max_width":0,"ocean_custom_logo_mobile_max_width":0,"ocean_custom_logo_max_height":0,"ocean_custom_logo_tablet_max_height":0,"ocean_custom_logo_mobile_max_height":0,"ocean_header_custom_menu":"","ocean_menu_typo_font_family":"","ocean_menu_typo_font_subset":"","ocean_menu_typo_font_size":0,"ocean_menu_typo_font_size_tablet":0,"ocean_menu_typo_font_size_mobile":0,"ocean_menu_typo_font_size_unit":"px","ocean_menu_typo_font_weight":"","ocean_menu_typo_font_weight_tablet":"","ocean_menu_typo_font_weight_mobile":"","ocean_menu_typo_transform":"","ocean_menu_typo_transform_tablet":"","ocean_menu_typo_transform_mobile":"","ocean_menu_typo_line_height":0,"ocean_menu_typo_line_height_tablet":0,"ocean_menu_typo_line_height_mobile":0,"ocean_menu_typo_line_height_unit":"","ocean_menu_typo_spacing":0,"ocean_menu_typo_spacing_tablet":0,"ocean_menu_typo_spacing_mobile":0,"ocean_menu_typo_spacing_unit":"","ocean_menu_link_color":"","ocean_menu_link_color_hover":"","ocean_menu_link_color_active":"","ocean_menu_link_background":"","ocean_menu_link_hover_background":"","ocean_menu_link_active_background":"","ocean_menu_social_links_bg":"","ocean_menu_social_hover_links_bg":"","ocean_menu_social_links_color":"","ocean_menu_social_hover_links_color":"","ocean_disable_title":"default","ocean_disable_heading":"default","ocean_post_title":"","ocean_post_subheading":"","ocean_post_title_style":"","ocean_post_title_background_color":"","ocean_post_title_background":0,"ocean_post_title_bg_image_position":"","ocean_post_title_bg_image_attachment":"","ocean_post_title_bg_image_repeat":"","ocean_post_title_bg_image_size":"","ocean_post_title_height":0,"ocean_post_title_bg_overlay":0.5,"ocean_post_title_bg_overlay_color":"","ocean_disable_breadcrumbs":"default","ocean_breadcrumbs_color":"","ocean_breadcrumbs_separator_color":"","ocean_breadcrumbs_links_color":"","ocean_breadcrumbs_links_hover_color":"","ocean_display_footer_widgets":"default","ocean_display_footer_bottom":"default","ocean_custom_footer_template":"","footnotes":""},"class_list":["post-2","page","type-page","status-publish","hentry","entry"],"uagb_featured_image_src":{"full":false,"thumbnail":false,"medium":false,"medium_large":false,"large":false,"1536x1536":false,"2048x2048":false,"ocean-thumb-m":false,"ocean-thumb-ml":false,"ocean-thumb-l":false},"uagb_author_info":{"display_name":"admin6082","author_link":"http:\/\/orthodoxebrest.fr\/?author=1"},"uagb_comment_info":0,"uagb_excerpt":"Paroisse de la Transfiguration du Seigneur Communaut\u00e9 orthodoxe \u00e0 Brest Prochains offices Mois de mars Mois de avril: Mois de mai: Notre communaut\u00e9 est rattach\u00e9e canoniquement \u00e0 la M\u00e9tropole de France du Patriarcat \u0153cum\u00e9nique de Constantinople Autres paroisses orthodoxes en Bretagne : Quimper,&nbsp;Dinan,&nbsp;Lannion,&nbsp;Morlaix,&nbsp;Nantes,&nbsp;Plouzan\u00e9,&nbsp;Rennes,&nbsp;Saint-Brieuc,&nbsp;Vannes","_links":{"self":[{"href":"http:\/\/orthodoxebrest.fr\/index.php?rest_route=\/wp\/v2\/pages\/2","targetHints":{"allow":["GET"]}}],"collection":[{"href":"http:\/\/orthodoxebrest.fr\/index.php?rest_route=\/wp\/v2\/pages"}],"about":[{"href":"http:\/\/orthodoxebrest.fr\/index.php?rest_route=\/wp\/v2\/types\/page"}],"author":[{"embeddable":true,"href":"http:\/\/orthodoxebrest.fr\/index.php?rest_route=\/wp\/v2\/users\/1"}],"replies":[{"embeddable":true,"href":"http:\/\/orthodoxebrest.fr\/index.php?rest_route=%2Fwp%2Fv2%2Fcomments&post=2"}],"version-history":[{"count":123,"href":"http:\/\/orthodoxebrest.fr\/index.php?rest_route=\/wp\/v2\/pages\/2\/revisions"}],"predecessor-version":[{"id":405,"href":"http:\/\/orthodoxebrest.fr\/index.php?rest_route=\/wp\/v2\/pages\/2\/revisions\/405"}],"wp:attachment":[{"href":"http:\/\/orthodoxebrest.fr\/index.php?rest_route=%2Fwp%2Fv2%2Fmedia&parent=2"}],"curies":[{"name":"wp","href":"https:\/\/api.w.org\/{rel}","templated":true}]}}